{"id":153,"date":"2016-06-08T16:41:01","date_gmt":"2016-06-08T15:41:01","guid":{"rendered":"http:\/\/vps231942.ovh.net\/?page_id=153"},"modified":"2021-05-02T09:06:49","modified_gmt":"2021-05-02T08:06:49","slug":"la-pollution","status":"publish","type":"page","link":"http:\/\/neihb.fr\/wordpress\/le-dossier\/la-pollution\/","title":{"rendered":"Du vent, que du vent, vraiment ?"},"content":{"rendered":"<hr \/>\n<p><strong>La pollution sera, \u00e0 coup s\u00fbr :<\/strong><\/p>\n<p>&#8211; Sonore et\u00a0infrasonore (voir Le Bruit et Les\u00a0Infrasons),<\/p>\n<p>&#8211; Lumineuse : chaque \u00e9olienne \u00e9met des flashes blancs de jour et\u00a0rouges de nuit toutes les 2 secondes. Ces flashes sont visibles jusqu&#8217;\u00e0 20 km, soit une surface \u00e9clair\u00e9e de 1250 km\u00b2, c&#8217;est \u00e0 dire la moiti\u00e9 du d\u00e9partement du Rh\u00f4ne !\u00a0<span style=\"font-size: 16px;\">Adieu, nos nuits \u00e9toil\u00e9es !\u00a0[1]<\/span><\/p>\n<p>&#8211; Gaz \u00e0 effet de serre :<\/p>\n<p style=\"text-align: center;\"><strong>NON, L\u2019\u00c9OLIEN CE N\u2019EST PAS QUE DU VENT, PROPRE ET GRATUIT !<\/strong><\/p>\n<ul>\n<li style=\"text-align: justify;\">Ce sont aussi des centrales de substitution (charbon, gaz, fuel) pour compenser l\u2019intermittence de la fourniture d\u2019\u00e9nergie par les \u00e9oliennes (fonctionnement \u00e9quivalent \u00e0 un jour sur quatre ou cinq, en moyenne, soit de l&#8217;ordre de 2000h par an),<\/li>\n<li style=\"text-align: justify;\">En 2013, l\u2019Allemagne, avec 22.000 \u00e9oliennes, a \u00e9t\u00e9 champion d\u2019Europe de la pollution avec 760 tonnes de CO2 par habitant (346 en France, 6.000 \u00e9oliennes). Elle a agrandi la mine de lignite de Garzweiler et a expropri\u00e9 42.000 personnes (12 villages).\u00a0[2] [3]<\/li>\n<\/ul>\n<p><img decoding=\"async\" loading=\"lazy\" class=\"aligncenter wp-image-1476 \" src=\"http:\/\/neihb.fr\/wp-content\/uploads\/2016\/06\/Pollution_r.png\" alt=\"pollution_r\" width=\"500\" height=\"356\" srcset=\"http:\/\/neihb.fr\/wp-content\/uploads\/2016\/06\/Pollution_r.png 448w, http:\/\/neihb.fr\/wp-content\/uploads\/2016\/06\/Pollution_r-300x214.png 300w, http:\/\/neihb.fr\/wp-content\/uploads\/2016\/06\/Pollution_r-211x150.png 211w, http:\/\/neihb.fr\/wp-content\/uploads\/2016\/06\/Pollution_r-150x107.png 150w\" sizes=\"(max-width: 500px) 100vw, 500px\" \/><\/p>\n<p style=\"text-align: center;\"><strong>Plus il y aura d&#8217;\u00e9oliennes, plus il faudra de centrales de substitution !<\/strong><\/p>\n<p>&#8211; Terres rares :<\/p>\n<ul>\n<li style=\"text-align: justify;\">Les \u00e9oliennes \u00e0 aimants permanents (partie tournante fix\u00e9e au rotor) contiennent du fer, du bore, du n\u00e9odyme, du pras\u00e9odyme et du dysprosium (source BRGM),<\/li>\n<li style=\"text-align: justify;\">Ces mat\u00e9riaux se d\u00e9sagr\u00e8gent dans le temps du fait des temp\u00e9ratures \u00e9lev\u00e9es de fonctionnement des mat\u00e9riaux et se dispersent dans l\u2019environnement.<\/li>\n<\/ul>\n<p style=\"padding-left: 60px;\">Ce risque n\u2019est pas examin\u00e9 lors des \u00e9tudes d\u2019impact.<\/p>\n<p><strong>Elle pourrait aussi toucher le sol et donc l&#8217;eau&#8230;<\/strong><\/p>\n<hr \/>\n<p>[1] <a href=\"http:\/\/vps293559.ovh.net\/wp-content\/uploads\/2016\/06\/2-Luminosit\u00e9.pdf\" target=\"_blank\" rel=\"noopener noreferrer\">Pollution lumineuse<\/a><br \/>\n[2] <a href=\"http:\/\/vps293559.ovh.net\/wp-content\/uploads\/2016\/06\/1-Allemagne-transition-\u00e9nerg\u00e9tique.pdf\" target=\"_blank\" rel=\"noopener noreferrer\">Allemagne &#8211; Transition \u00e9nerg\u00e9tique<\/a><br \/>\n[3]\u00a0<a href=\"http:\/\/vps293559.ovh.net\/wp-content\/uploads\/2016\/06\/3-CO2_Eurostat.pdf\" target=\"_blank\" rel=\"noopener noreferrer\">CO2 Eurostat<\/a><\/p>\n","protected":false},"excerpt":{"rendered":"<p>La pollution sera, \u00e0 coup s\u00fbr : &#8211; Sonore et\u00a0infrasonore (voir Le Bruit et Les\u00a0Infrasons), &#8211; Lumineuse : chaque \u00e9olienne \u00e9met des flashes blancs de jour et\u00a0rouges de nuit toutes les 2 secondes. Ces flashes sont visibles jusqu&#8217;\u00e0 20 km, soit une surface \u00e9clair\u00e9e de 1250 km\u00b2, c&#8217;est \u00e0 dire\u2026<\/p>\n<p> <a class=\"continue-reading-link\" href=\"http:\/\/neihb.fr\/wordpress\/le-dossier\/la-pollution\/\"><span>Continue reading<\/span><i class=\"crycon-right-dir\"><\/i><\/a> <\/p>\n","protected":false},"author":1,"featured_media":0,"parent":24,"menu_order":6,"comment_status":"closed","ping_status":"closed","template":"","meta":[],"_links":{"self":[{"href":"http:\/\/neihb.fr\/wordpress\/wp-json\/wp\/v2\/pages\/153"}],"collection":[{"href":"http:\/\/neihb.fr\/wordpress\/wp-json\/wp\/v2\/pages"}],"about":[{"href":"http:\/\/neihb.fr\/wordpress\/wp-json\/wp\/v2\/types\/page"}],"author":[{"embeddable":true,"href":"http:\/\/neihb.fr\/wordpress\/wp-json\/wp\/v2\/users\/1"}],"replies":[{"embeddable":true,"href":"http:\/\/neihb.fr\/wordpress\/wp-json\/wp\/v2\/comments?post=153"}],"version-history":[{"count":16,"href":"http:\/\/neihb.fr\/wordpress\/wp-json\/wp\/v2\/pages\/153\/revisions"}],"predecessor-version":[{"id":2043,"href":"http:\/\/neihb.fr\/wordpress\/wp-json\/wp\/v2\/pages\/153\/revisions\/2043"}],"up":[{"embeddable":true,"href":"http:\/\/neihb.fr\/wordpress\/wp-json\/wp\/v2\/pages\/24"}],"wp:attachment":[{"href":"http:\/\/neihb.fr\/wordpress\/wp-json\/wp\/v2\/media?parent=153"}],"curies":[{"name":"wp","href":"https:\/\/api.w.org\/{rel}","templated":true}]}}